{"id":11972,"date":"2023-12-07T09:55:32","date_gmt":"2023-12-07T08:55:32","guid":{"rendered":"https:\/\/educationalevidence.com\/?page_id=11972"},"modified":"2024-08-02T08:52:20","modified_gmt":"2024-08-02T06:52:20","slug":"sobre-nosaltres","status":"publish","type":"page","link":"https:\/\/educationalevidence.com\/ca\/sobre-nosaltres\/","title":{"rendered":"Sobre nosaltres"},"content":{"rendered":"<p><em><strong>educational\u00a0EVIDENCE<\/strong><\/em>\u00a0\u00ab<strong>eE<\/strong>\u00bb- \u00e9s un mitj\u00e0 de comunicaci\u00f3 digital que publica not\u00edcies, opini\u00f3, recerques, dades i estudis sobre el sector acad\u00e8mic. Editat per la <a href=\"https:\/\/fundacioepisteme.cat\/\" target=\"_blank\" rel=\"noopener\">Fundaci\u00f3 Episteme<\/a> -amb seu a Barcelona- es presenta en catal\u00e0, espanyol i angl\u00e8s i es dirigeix a un p\u00fablic nacional i internacional a trav\u00e9s d&#8217;un periodisme divulgatiu sota llic\u00e8ncia Creative Commons gratu\u00efta. Aquesta llic\u00e8ncia autoritza al fet que els seus articles puguin ser reprodu\u00efts sense modificacions en qualsevol suport digital o en paper, ja sigui per altres mitjans de comunicaci\u00f3, webs o plataformes, indicant sempre la font original d&#8217;<strong>eE<\/strong>.<\/p>\n<p>Compta amb la col\u00b7laboraci\u00f3 Professors de Secund\u00e0ria (<a href=\"https:\/\/secundaria.info\/portal\/\" target=\"_blank\" rel=\"noopener\">aspepc\u00b7sps<\/a>), l&#8217;Observatori Cr\u00edtic de la Realitat Educativa (<a href=\"https:\/\/asociacionocre.org\/\" target=\"_blank\" rel=\"noopener\">OCRE<\/a>) i la Associaci\u00f3 de Catedr\u00e0tics d\u2019Ensenyaments Secundaris de Catalunya (<a href=\"https:\/\/acesc.net\/\" target=\"_blank\" rel=\"noopener\">ACESC)<\/a>. Des del moment de la seva sortida est\u00e0 obert a col\u00b7laboracions p\u00fabliques i privades d&#8217;entitats, organitzacions, institucions, empreses, centres de recerca i universitats.<\/p>\n<p>ISSN: 2938-9143<\/p>\n<p>Educational Evidence<\/p>\n<p>Educ. evid.<\/p>\n<p>&nbsp;<\/p>\n<blockquote><p>Membres del Consell Editor:<\/p><\/blockquote>\n<p><strong>Francisco L\u00f3pez\u00a0Rup\u00e9rez.<\/strong> Doctor en Ci\u00e8ncies F\u00edsiques. Director de la C\u00e0tedra de Pol\u00edtiques Educatives de la Universidad Camilo Jos\u00e9 Cela.<\/p>\n<p><strong>Ant\u00f3nio\u00a0de\u00a0Bivar\u00a0Weinholtz<\/strong>. Doctor en Matem\u00e0tiques. Membre de l&#8217;equip de coordinaci\u00f3 cient\u00edfica i coautor del Curr\u00edculum Nacional Portugu\u00e8s de Matem\u00e0tiques (2013-2014).<\/p>\n<p><strong>Felipe de Vicente\u00a0Alguer\u00f3<\/strong>. Llicenciat en Filosofia. Doctor en Hist\u00f2ria.<\/p>\n<p><strong>Xavier Mass\u00f3\u00a0Aguad\u00e9<\/strong>. Llicenciat en Filosofia i Ci\u00e8ncies de l&#8217;Educaci\u00f3. Llicenciat en Antropologia Social i Cultural.<\/p>\n<p><strong>Eva Serra S\u00e1nchez<\/strong>. Llicenciada en Ci\u00e8ncies de la Informaci\u00f3 (Periodisme).<\/p>\n<p><strong>Josep Oton Catal\u00e0<\/strong>. Llicenciat en Geografia i Hist\u00f2ria. Doctor en Hist\u00f2ria.<\/p>\n<p><strong>Ignasi Fern\u00e1ndez Daroca<\/strong>. Llicenciat en Dret. Llicenciat en Filologia anglo-germ\u00e0nica.<\/p>\n<p><strong>Santiago Herrero Gea<\/strong>. Llicenciat en Geografia i Hist\u00f2ria.<\/p>\n<p>&nbsp;<\/p>\n<blockquote><p>Contactes redacci\u00f3:<\/p><\/blockquote>\n<p><strong>Eva Serra<\/strong>, directora. Email: e.serra@educationalevidence.com<\/p>\n<p><strong>Andreu Navarra<\/strong>, redactor en cap d&#8217;Humanitats. Email: a.navarra@educationalevidence.com<\/p>\n<p><strong>David\u00a0Rabad\u00e0<\/strong>, redactor en cap de Ci\u00e8ncia. Email: d.rabada@educationalevidence.com<\/p>\n<p><strong>Francesc\u00a0Gass\u00f3<\/strong>, sistemes educatius. Estudis.<\/p>\n<p><strong>Mayte\u00a0Tal\u00e9ns<\/strong>, responsable de traducci\u00f3. Email: m.talens@educationalevidence.com<\/p>\n<p><strong>Email general<\/strong>: info@educationalevidence.com<\/p>\n<p>&nbsp;<\/p>\n<blockquote><p>Col\u00b7laboradors:<\/p><\/blockquote>\n<p><strong>David Cerd\u00e1<\/strong><\/p>\n<p><strong>Miguel \u00c1ngel Tirado<\/strong><\/p>\n<p><strong>David Bueno<\/strong><\/p>\n<p><strong>Antoni Hern\u00e1ndez<\/strong><\/p>\n<p><strong>Myriam Gallego<\/strong><\/p>\n<p><strong>Eduardo Alaminos<\/strong><\/p>\n<p><strong>Miguel \u00c1ngel L\u00f3pez<\/strong><\/p>\n<p><strong>Marta Vela<\/strong><\/p>\n<p><strong>Jos\u00e9 Ram\u00f3n Ubieto<\/strong><\/p>\n<p><strong>Eduardo Moga<\/strong><\/p>\n<p><strong>Steen Knudsen<\/strong><\/p>\n<p><strong>Joaquim Piujoan<\/strong><\/p>\n<p><strong>Pau Gener Galin<\/strong><\/p>\n<p><strong>V\u00edctor Caballero<\/strong><\/p>\n<p><strong>Mamen Gargallo<\/strong><\/p>\n<p><strong>Carlos Sanz de Galdeano<\/strong><\/p>\n<p><strong>Manuel Santonja<\/strong><\/p>\n","protected":false},"excerpt":{"rendered":"<p>educational\u00a0EVIDENCE\u00a0\u00abeE\u00bb- \u00e9s un mitj\u00e0 de comunicaci\u00f3 digital que publica not\u00edcies, opini\u00f3, recerques, dades i estudis sobre el sector acad\u00e8mic. Editat per la Fundaci\u00f3 Episteme -amb seu a Barcelona- es presenta en catal\u00e0, espanyol i angl\u00e8s i es dirigeix a un p\u00fablic nacional i internacional a trav\u00e9s d&#8217;un periodisme divulgatiu sota llic\u00e8ncia Creative Commons gratu\u00efta. Aquesta [&hellip;]<\/p>\n","protected":false},"author":4,"featured_media":0,"parent":0,"menu_order":0,"comment_status":"closed","ping_status":"closed","template":"","meta":{"_FSMCFIC_featured_image_caption":"","_FSMCFIC_featured_image_nocaption":"","_FSMCFIC_featured_image_hide":"","footnotes":""},"class_list":["post-11972","page","type-page","status-publish","hentry"],"yoast_head":"<!-- This site is optimized with the Yoast SEO plugin v27.5 - https:\/\/yoast.com\/product\/yoast-seo-wordpress\/ -->\n<title>Sobre nosaltres - Educational Evidence<\/title>\n<meta name=\"description\" content=\"educational\u00a0EVIDENCE\u00a0\u00abeE\u00bb- \u00e9s un mitj\u00e0 de comunicaci\u00f3 digital que publica not\u00edcies, opini\u00f3, recerques, dades i estudis sobre el sector acad\u00e8mic. Editat per la Fundaci\u00f3 Episteme -amb seu a Barcelona- es presenta en catal\u00e0, espanyol i angl\u00e8s i es dirigeix a un p\u00fablic nacional i internacional a trav\u00e9s d&#039;un periodisme divulgatiu sota llic\u00e8ncia Creative Commons gratu\u00efta.\" \/>\n<meta name=\"robots\" content=\"index, follow, max-snippet:-1, max-image-preview:large, max-video-preview:-1\" \/>\n<link rel=\"canonical\" href=\"https:\/\/educationalevidence.com\/ca\/sobre-nosaltres\/\" \/>\n<meta property=\"og:locale\" content=\"ca_ES\" \/>\n<meta property=\"og:type\" content=\"article\" \/>\n<meta property=\"og:title\" content=\"Sobre nosaltres - Educational Evidence\" \/>\n<meta property=\"og:description\" content=\"educational\u00a0EVIDENCE\u00a0\u00abeE\u00bb- \u00e9s un mitj\u00e0 de comunicaci\u00f3 digital que publica not\u00edcies, opini\u00f3, recerques, dades i estudis sobre el sector acad\u00e8mic. Editat per la Fundaci\u00f3 Episteme -amb seu a Barcelona- es presenta en catal\u00e0, espanyol i angl\u00e8s i es dirigeix a un p\u00fablic nacional i internacional a trav\u00e9s d&#039;un periodisme divulgatiu sota llic\u00e8ncia Creative Commons gratu\u00efta.\" \/>\n<meta property=\"og:url\" content=\"https:\/\/educationalevidence.com\/ca\/sobre-nosaltres\/\" \/>\n<meta property=\"og:site_name\" content=\"Educational Evidence\" \/>\n<meta property=\"article:modified_time\" content=\"2024-08-02T06:52:20+00:00\" \/>\n<meta name=\"twitter:card\" content=\"summary_large_image\" \/>\n<meta name=\"twitter:label1\" content=\"Temps estimat de lectura\" \/>\n\t<meta name=\"twitter:data1\" content=\"2 minuts\" \/>\n<script type=\"application\/ld+json\" class=\"yoast-schema-graph\">{\"@context\":\"https:\\\/\\\/schema.org\",\"@graph\":[{\"@type\":\"WebPage\",\"@id\":\"https:\\\/\\\/educationalevidence.com\\\/ca\\\/sobre-nosaltres\\\/\",\"url\":\"https:\\\/\\\/educationalevidence.com\\\/ca\\\/sobre-nosaltres\\\/\",\"name\":\"Sobre nosaltres - Educational Evidence\",\"isPartOf\":{\"@id\":\"https:\\\/\\\/educationalevidence.com\\\/ca\\\/#website\"},\"datePublished\":\"2023-12-07T08:55:32+00:00\",\"dateModified\":\"2024-08-02T06:52:20+00:00\",\"description\":\"educational\u00a0EVIDENCE\u00a0\u00abeE\u00bb- \u00e9s un mitj\u00e0 de comunicaci\u00f3 digital que publica not\u00edcies, opini\u00f3, recerques, dades i estudis sobre el sector acad\u00e8mic. Editat per la Fundaci\u00f3 Episteme -amb seu a Barcelona- es presenta en catal\u00e0, espanyol i angl\u00e8s i es dirigeix a un p\u00fablic nacional i internacional a trav\u00e9s d'un periodisme divulgatiu sota llic\u00e8ncia Creative Commons gratu\u00efta.\",\"breadcrumb\":{\"@id\":\"https:\\\/\\\/educationalevidence.com\\\/ca\\\/sobre-nosaltres\\\/#breadcrumb\"},\"inLanguage\":\"ca\",\"potentialAction\":[{\"@type\":\"ReadAction\",\"target\":[\"https:\\\/\\\/educationalevidence.com\\\/ca\\\/sobre-nosaltres\\\/\"]}]},{\"@type\":\"BreadcrumbList\",\"@id\":\"https:\\\/\\\/educationalevidence.com\\\/ca\\\/sobre-nosaltres\\\/#breadcrumb\",\"itemListElement\":[{\"@type\":\"ListItem\",\"position\":1,\"name\":\"Portada\",\"item\":\"https:\\\/\\\/educationalevidence.com\\\/ca\\\/\"},{\"@type\":\"ListItem\",\"position\":2,\"name\":\"Sobre nosaltres\"}]},{\"@type\":\"WebSite\",\"@id\":\"https:\\\/\\\/educationalevidence.com\\\/ca\\\/#website\",\"url\":\"https:\\\/\\\/educationalevidence.com\\\/ca\\\/\",\"name\":\"Educational Evidence\",\"description\":\"\",\"publisher\":{\"@id\":\"https:\\\/\\\/educationalevidence.com\\\/ca\\\/#organization\"},\"potentialAction\":[{\"@type\":\"SearchAction\",\"target\":{\"@type\":\"EntryPoint\",\"urlTemplate\":\"https:\\\/\\\/educationalevidence.com\\\/ca\\\/?s={search_term_string}\"},\"query-input\":{\"@type\":\"PropertyValueSpecification\",\"valueRequired\":true,\"valueName\":\"search_term_string\"}}],\"inLanguage\":\"ca\"},{\"@type\":\"Organization\",\"@id\":\"https:\\\/\\\/educationalevidence.com\\\/ca\\\/#organization\",\"name\":\"Educational Evidence\",\"url\":\"https:\\\/\\\/educationalevidence.com\\\/ca\\\/\",\"logo\":{\"@type\":\"ImageObject\",\"inLanguage\":\"ca\",\"@id\":\"https:\\\/\\\/educationalevidence.com\\\/ca\\\/#\\\/schema\\\/logo\\\/image\\\/\",\"url\":\"https:\\\/\\\/educationalevidence.com\\\/wp-content\\\/uploads\\\/2023\\\/07\\\/educational_evidence_logo_horitzontal_blanc_negatiu.png\",\"contentUrl\":\"https:\\\/\\\/educationalevidence.com\\\/wp-content\\\/uploads\\\/2023\\\/07\\\/educational_evidence_logo_horitzontal_blanc_negatiu.png\",\"width\":3508,\"height\":1090,\"caption\":\"Educational Evidence\"},\"image\":{\"@id\":\"https:\\\/\\\/educationalevidence.com\\\/ca\\\/#\\\/schema\\\/logo\\\/image\\\/\"}}]}<\/script>\n<!-- \/ Yoast SEO plugin. -->","yoast_head_json":{"title":"Sobre nosaltres - Educational Evidence","description":"educational\u00a0EVIDENCE\u00a0\u00abeE\u00bb- \u00e9s un mitj\u00e0 de comunicaci\u00f3 digital que publica not\u00edcies, opini\u00f3, recerques, dades i estudis sobre el sector acad\u00e8mic. Editat per la Fundaci\u00f3 Episteme -amb seu a Barcelona- es presenta en catal\u00e0, espanyol i angl\u00e8s i es dirigeix a un p\u00fablic nacional i internacional a trav\u00e9s d'un periodisme divulgatiu sota llic\u00e8ncia Creative Commons gratu\u00efta.","robots":{"index":"index","follow":"follow","max-snippet":"max-snippet:-1","max-image-preview":"max-image-preview:large","max-video-preview":"max-video-preview:-1"},"canonical":"https:\/\/educationalevidence.com\/ca\/sobre-nosaltres\/","og_locale":"ca_ES","og_type":"article","og_title":"Sobre nosaltres - Educational Evidence","og_description":"educational\u00a0EVIDENCE\u00a0\u00abeE\u00bb- \u00e9s un mitj\u00e0 de comunicaci\u00f3 digital que publica not\u00edcies, opini\u00f3, recerques, dades i estudis sobre el sector acad\u00e8mic. Editat per la Fundaci\u00f3 Episteme -amb seu a Barcelona- es presenta en catal\u00e0, espanyol i angl\u00e8s i es dirigeix a un p\u00fablic nacional i internacional a trav\u00e9s d'un periodisme divulgatiu sota llic\u00e8ncia Creative Commons gratu\u00efta.","og_url":"https:\/\/educationalevidence.com\/ca\/sobre-nosaltres\/","og_site_name":"Educational Evidence","article_modified_time":"2024-08-02T06:52:20+00:00","twitter_card":"summary_large_image","twitter_misc":{"Temps estimat de lectura":"2 minuts"},"schema":{"@context":"https:\/\/schema.org","@graph":[{"@type":"WebPage","@id":"https:\/\/educationalevidence.com\/ca\/sobre-nosaltres\/","url":"https:\/\/educationalevidence.com\/ca\/sobre-nosaltres\/","name":"Sobre nosaltres - Educational Evidence","isPartOf":{"@id":"https:\/\/educationalevidence.com\/ca\/#website"},"datePublished":"2023-12-07T08:55:32+00:00","dateModified":"2024-08-02T06:52:20+00:00","description":"educational\u00a0EVIDENCE\u00a0\u00abeE\u00bb- \u00e9s un mitj\u00e0 de comunicaci\u00f3 digital que publica not\u00edcies, opini\u00f3, recerques, dades i estudis sobre el sector acad\u00e8mic. Editat per la Fundaci\u00f3 Episteme -amb seu a Barcelona- es presenta en catal\u00e0, espanyol i angl\u00e8s i es dirigeix a un p\u00fablic nacional i internacional a trav\u00e9s d'un periodisme divulgatiu sota llic\u00e8ncia Creative Commons gratu\u00efta.","breadcrumb":{"@id":"https:\/\/educationalevidence.com\/ca\/sobre-nosaltres\/#breadcrumb"},"inLanguage":"ca","potentialAction":[{"@type":"ReadAction","target":["https:\/\/educationalevidence.com\/ca\/sobre-nosaltres\/"]}]},{"@type":"BreadcrumbList","@id":"https:\/\/educationalevidence.com\/ca\/sobre-nosaltres\/#breadcrumb","itemListElement":[{"@type":"ListItem","position":1,"name":"Portada","item":"https:\/\/educationalevidence.com\/ca\/"},{"@type":"ListItem","position":2,"name":"Sobre nosaltres"}]},{"@type":"WebSite","@id":"https:\/\/educationalevidence.com\/ca\/#website","url":"https:\/\/educationalevidence.com\/ca\/","name":"Educational Evidence","description":"","publisher":{"@id":"https:\/\/educationalevidence.com\/ca\/#organization"},"potentialAction":[{"@type":"SearchAction","target":{"@type":"EntryPoint","urlTemplate":"https:\/\/educationalevidence.com\/ca\/?s={search_term_string}"},"query-input":{"@type":"PropertyValueSpecification","valueRequired":true,"valueName":"search_term_string"}}],"inLanguage":"ca"},{"@type":"Organization","@id":"https:\/\/educationalevidence.com\/ca\/#organization","name":"Educational Evidence","url":"https:\/\/educationalevidence.com\/ca\/","logo":{"@type":"ImageObject","inLanguage":"ca","@id":"https:\/\/educationalevidence.com\/ca\/#\/schema\/logo\/image\/","url":"https:\/\/educationalevidence.com\/wp-content\/uploads\/2023\/07\/educational_evidence_logo_horitzontal_blanc_negatiu.png","contentUrl":"https:\/\/educationalevidence.com\/wp-content\/uploads\/2023\/07\/educational_evidence_logo_horitzontal_blanc_negatiu.png","width":3508,"height":1090,"caption":"Educational Evidence"},"image":{"@id":"https:\/\/educationalevidence.com\/ca\/#\/schema\/logo\/image\/"}}]}},"_links":{"self":[{"href":"https:\/\/educationalevidence.com\/ca\/wp-json\/wp\/v2\/pages\/11972","targetHints":{"allow":["GET"]}}],"collection":[{"href":"https:\/\/educationalevidence.com\/ca\/wp-json\/wp\/v2\/pages"}],"about":[{"href":"https:\/\/educationalevidence.com\/ca\/wp-json\/wp\/v2\/types\/page"}],"author":[{"embeddable":true,"href":"https:\/\/educationalevidence.com\/ca\/wp-json\/wp\/v2\/users\/4"}],"replies":[{"embeddable":true,"href":"https:\/\/educationalevidence.com\/ca\/wp-json\/wp\/v2\/comments?post=11972"}],"version-history":[{"count":11,"href":"https:\/\/educationalevidence.com\/ca\/wp-json\/wp\/v2\/pages\/11972\/revisions"}],"predecessor-version":[{"id":18675,"href":"https:\/\/educationalevidence.com\/ca\/wp-json\/wp\/v2\/pages\/11972\/revisions\/18675"}],"wp:attachment":[{"href":"https:\/\/educationalevidence.com\/ca\/wp-json\/wp\/v2\/media?parent=11972"}],"curies":[{"name":"wp","href":"https:\/\/api.w.org\/{rel}","templated":true}]}}