{"version":"1.0","provider_name":"Educational Evidence","provider_url":"https:\/\/educationalevidence.com\/ca\/","author_name":"educational EVIDENCE","author_url":"https:\/\/educationalevidence.com\/ca\/author\/educational-evidence\/","title":"Fets, dades i evid\u00e8ncies educatives - Educational Evidence","type":"rich","width":600,"height":338,"html":"<blockquote class=\"wp-embedded-content\" data-secret=\"EeQrDryb9U\"><a href=\"https:\/\/educationalevidence.com\/ca\/fets-dades-i-evidencies-educatives\/\">Fets, dades i evid\u00e8ncies educatives<\/a><\/blockquote><iframe sandbox=\"allow-scripts\" security=\"restricted\" src=\"https:\/\/educationalevidence.com\/ca\/fets-dades-i-evidencies-educatives\/embed\/#?secret=EeQrDryb9U\" width=\"600\" height=\"338\" title=\"&#8220;Fets, dades i evid\u00e8ncies educatives&#8221; &#8212; Educational Evidence\" data-secret=\"EeQrDryb9U\" frameborder=\"0\" marginwidth=\"0\" marginheight=\"0\" scrolling=\"no\" class=\"wp-embedded-content\"><\/iframe><script type=\"text\/javascript\">\n\/* <![CDATA[ *\/\n\/*! This file is auto-generated *\/\n!function(d,l){\"use strict\";l.querySelector&&d.addEventListener&&\"undefined\"!=typeof URL&&(d.wp=d.wp||{},d.wp.receiveEmbedMessage||(d.wp.receiveEmbedMessage=function(e){var t=e.data;if((t||t.secret||t.message||t.value)&&!\/[^a-zA-Z0-9]\/.test(t.secret)){for(var s,r,n,a=l.querySelectorAll('iframe[data-secret=\"'+t.secret+'\"]'),o=l.querySelectorAll('blockquote[data-secret=\"'+t.secret+'\"]'),c=new RegExp(\"^https?:$\",\"i\"),i=0;i<o.length;i++)o[i].style.display=\"none\";for(i=0;i<a.length;i++)s=a[i],e.source===s.contentWindow&&(s.removeAttribute(\"style\"),\"height\"===t.message?(1e3<(r=parseInt(t.value,10))?r=1e3:~~r<200&&(r=200),s.height=r):\"link\"===t.message&&(r=new URL(s.getAttribute(\"src\")),n=new URL(t.value),c.test(n.protocol))&&n.host===r.host&&l.activeElement===s&&(d.top.location.href=t.value))}},d.addEventListener(\"message\",d.wp.receiveEmbedMessage,!1),l.addEventListener(\"DOMContentLoaded\",function(){for(var e,t,s=l.querySelectorAll(\"iframe.wp-embedded-content\"),r=0;r<s.length;r++)(t=(e=s[r]).getAttribute(\"data-secret\"))||(t=Math.random().toString(36).substring(2,12),e.src+=\"#?secret=\"+t,e.setAttribute(\"data-secret\",t)),e.contentWindow.postMessage({message:\"ready\",secret:t},\"*\")},!1)))}(window,document);\n\/\/# sourceURL=https:\/\/educationalevidence.com\/wp-includes\/js\/wp-embed.min.js\n\/* ]]> *\/\n<\/script>\n","thumbnail_url":"https:\/\/educationalevidence.com\/wp-content\/uploads\/2024\/11\/hechos-cover.jpg","thumbnail_width":900,"thumbnail_height":588,"description":"Comencem pel comen\u00e7ament: els \u00abfets\u00bb, dir, el que \u00e9s \u00abdir\u00bb, no diuen res; simplement s\u00f3n all\u00ed, aix\u00f2 \u00e9s tot. El que s\u00ed que ens diu alguna cosa i fa que hi reparem \u00e9s el criteri pel qual els agrupem en dades, en informaci\u00f3 contextualitzada, i des del qual emetem enunciats sobre el camp de realitat en qu\u00e8 els hem integrat. Per\u00f2 en si, com a fets \u00abpurs\u00bb, no diuen \u00abres\u00bb. No oblidem Kant: la intu\u00efci\u00f3, sense el concepte, \u00e9s cega; el concepte, sense la intu\u00efci\u00f3, \u00e9s buit. O aix\u00f2 o ens n\u2019anem de cap a la intu\u00efci\u00f3 intel\u00b7lectual."}